{"id":399,"date":"2020-05-06T17:44:48","date_gmt":"2020-05-06T15:44:48","guid":{"rendered":"http:\/\/delbeckvignobles.com\/?page_id=399"},"modified":"2025-09-23T15:34:37","modified_gmt":"2025-09-23T13:34:37","slug":"chateau-la-grave-de-moustey","status":"publish","type":"page","link":"http:\/\/delbeckvignobles.com\/index.php\/chateau-la-grave-de-moustey\/","title":{"rendered":"Ch\u00e2teau La Grave de Moustey"},"content":{"rendered":"\t\t<div data-elementor-type=\"wp-page\" data-elementor-id=\"399\" class=\"elementor elementor-399\">\n\t\t\t\t\t\t<section class=\"elementor-section elementor-top-section elementor-element elementor-element-55127814 elementor-section-content-middle elementor-section-boxed elementor-section-height-default elementor-section-height-default\" data-id=\"55127814\" data-element_type=\"section\">\n\t\t\t\t\t\t<div class=\"elementor-container elementor-column-gap-no\">\n\t\t\t\t\t<div class=\"elementor-column elementor-col-33 elementor-top-column elementor-element elementor-element-2ad3d8eb\" data-id=\"2ad3d8eb\" data-element_type=\"column\">\n\t\t\t<div class=\"elementor-widget-wrap elementor-element-populated\">\n\t\t\t\t\t\t<div class=\"elementor-element elementor-element-03c71e2 elementor-widget elementor-widget-heading\" data-id=\"03c71e2\" data-element_type=\"widget\" data-widget_type=\"heading.default\">\n\t\t\t\t<div class=\"elementor-widget-container\">\n\t\t\t\t\t<h2 class=\"elementor-heading-title elementor-size-default\">Ch\u00e2teau<\/h2>\t\t\t\t<\/div>\n\t\t\t\t<\/div>\n\t\t\t\t<div class=\"elementor-element elementor-element-50b1f0c elementor-widget elementor-widget-heading\" data-id=\"50b1f0c\" data-element_type=\"widget\" data-widget_type=\"heading.default\">\n\t\t\t\t<div class=\"elementor-widget-container\">\n\t\t\t\t\t<h2 class=\"elementor-heading-title elementor-size-default\">La Grave de Moustey<\/h2>\t\t\t\t<\/div>\n\t\t\t\t<\/div>\n\t\t\t\t<div class=\"elementor-element elementor-element-c272d3d elementor-widget elementor-widget-heading\" data-id=\"c272d3d\" data-element_type=\"widget\" data-widget_type=\"heading.default\">\n\t\t\t\t<div class=\"elementor-widget-container\">\n\t\t\t\t\t<h2 class=\"elementor-heading-title elementor-size-default\">Bordeaux Rouge<\/h2>\t\t\t\t<\/div>\n\t\t\t\t<\/div>\n\t\t\t\t<div class=\"elementor-element elementor-element-8e7fd82 elementor-widget elementor-widget-image\" data-id=\"8e7fd82\" data-element_type=\"widget\" data-widget_type=\"image.default\">\n\t\t\t\t<div class=\"elementor-widget-container\">\n\t\t\t\t\t\t\t\t\t\t\t\t\t\t\t<img fetchpriority=\"high\" decoding=\"async\" width=\"768\" height=\"1890\" src=\"http:\/\/delbeckvignobles.com\/wp-content\/uploads\/2025\/09\/GDM19-4000-768x1890.png\" class=\"attachment-medium_large size-medium_large wp-image-779\" alt=\"\" srcset=\"http:\/\/delbeckvignobles.com\/wp-content\/uploads\/2025\/09\/GDM19-4000-768x1890.png 768w, http:\/\/delbeckvignobles.com\/wp-content\/uploads\/2025\/09\/GDM19-4000-scaled-600x1477.png 600w, http:\/\/delbeckvignobles.com\/wp-content\/uploads\/2025\/09\/GDM19-4000-122x300.png 122w, http:\/\/delbeckvignobles.com\/wp-content\/uploads\/2025\/09\/GDM19-4000-416x1024.png 416w, http:\/\/delbeckvignobles.com\/wp-content\/uploads\/2025\/09\/GDM19-4000-624x1536.png 624w, http:\/\/delbeckvignobles.com\/wp-content\/uploads\/2025\/09\/GDM19-4000-832x2048.png 832w, http:\/\/delbeckvignobles.com\/wp-content\/uploads\/2025\/09\/GDM19-4000-scaled.png 1040w\" sizes=\"(max-width: 768px) 100vw, 768px\" \/>\t\t\t\t\t\t\t\t\t\t\t\t\t\t\t<\/div>\n\t\t\t\t<\/div>\n\t\t\t\t<div class=\"elementor-element elementor-element-5d55caf elementor-drop-cap-yes elementor-drop-cap-view-default elementor-widget elementor-widget-text-editor\" data-id=\"5d55caf\" data-element_type=\"widget\" data-settings=\"{&quot;drop_cap&quot;:&quot;yes&quot;}\" data-widget_type=\"text-editor.default\">\n\t\t\t\t<div class=\"elementor-widget-container\">\n\t\t\t\t\t\t\t\t\t<p>Situ\u00e9e \u00e0 quelques kilom\u00e8tres du Ch\u00e2teauTour du Pas Saint Georges, sur la commune des Artigues de Lussac, cette petite propri\u00e9t\u00e9 abrite un terroir propice \u00e0 l&rsquo;\u00e9laboration de grands Bordeaux aussi bien Rouge que Blanc ou Ros\u00e9.<\/p>\t\t\t\t\t\t\t\t<\/div>\n\t\t\t\t<\/div>\n\t\t\t\t<div class=\"elementor-element elementor-element-feaf846 elementor-widget elementor-widget-image\" data-id=\"feaf846\" data-element_type=\"widget\" data-widget_type=\"image.default\">\n\t\t\t\t<div class=\"elementor-widget-container\">\n\t\t\t\t\t\t\t\t\t\t\t\t\t\t\t<img decoding=\"async\" width=\"1024\" height=\"317\" src=\"http:\/\/delbeckvignobles.com\/wp-content\/uploads\/2020\/04\/carte-appellations-vierge7BX_2000-1024x317.png\" class=\"attachment-large size-large wp-image-268\" alt=\"\" srcset=\"http:\/\/delbeckvignobles.com\/wp-content\/uploads\/2020\/04\/carte-appellations-vierge7BX_2000-1024x317.png 1024w, http:\/\/delbeckvignobles.com\/wp-content\/uploads\/2020\/04\/carte-appellations-vierge7BX_2000-600x186.png 600w, http:\/\/delbeckvignobles.com\/wp-content\/uploads\/2020\/04\/carte-appellations-vierge7BX_2000-300x93.png 300w, http:\/\/delbeckvignobles.com\/wp-content\/uploads\/2020\/04\/carte-appellations-vierge7BX_2000-768x238.png 768w, http:\/\/delbeckvignobles.com\/wp-content\/uploads\/2020\/04\/carte-appellations-vierge7BX_2000-1536x475.png 1536w, http:\/\/delbeckvignobles.com\/wp-content\/uploads\/2020\/04\/carte-appellations-vierge7BX_2000.png 2000w\" sizes=\"(max-width: 1024px) 100vw, 1024px\" \/>\t\t\t\t\t\t\t\t\t\t\t\t\t\t\t<\/div>\n\t\t\t\t<\/div>\n\t\t\t\t\t<\/div>\n\t\t<\/div>\n\t\t\t\t<div class=\"elementor-column elementor-col-33 elementor-top-column elementor-element elementor-element-7310b7f2\" data-id=\"7310b7f2\" data-element_type=\"column\">\n\t\t\t<div class=\"elementor-widget-wrap elementor-element-populated\">\n\t\t\t\t\t\t<div class=\"elementor-element elementor-element-7d782ad4 elementor-widget elementor-widget-image\" data-id=\"7d782ad4\" data-element_type=\"widget\" data-widget_type=\"image.default\">\n\t\t\t\t<div class=\"elementor-widget-container\">\n\t\t\t\t\t\t\t\t\t\t\t\t\t\t\t<img decoding=\"async\" width=\"542\" height=\"1000\" src=\"http:\/\/delbeckvignobles.com\/wp-content\/uploads\/2020\/05\/verre-GDM-terroir_1000.jpg\" class=\"attachment-large size-large wp-image-383\" alt=\"\" srcset=\"http:\/\/delbeckvignobles.com\/wp-content\/uploads\/2020\/05\/verre-GDM-terroir_1000.jpg 542w, http:\/\/delbeckvignobles.com\/wp-content\/uploads\/2020\/05\/verre-GDM-terroir_1000-163x300.jpg 163w\" sizes=\"(max-width: 542px) 100vw, 542px\" \/>\t\t\t\t\t\t\t\t\t\t\t\t\t\t\t<\/div>\n\t\t\t\t<\/div>\n\t\t\t\t<div class=\"elementor-element elementor-element-df30d74 elementor-drop-cap-yes elementor-drop-cap-view-default elementor-widget elementor-widget-text-editor\" data-id=\"df30d74\" data-element_type=\"widget\" data-settings=\"{&quot;drop_cap&quot;:&quot;yes&quot;}\" data-widget_type=\"text-editor.default\">\n\t\t\t\t<div class=\"elementor-widget-container\">\n\t\t\t\t\t\t\t\t\t<p>R<strong>enseignements techniques<\/strong> :<\/p><p><em>Age moyen des vignes<\/em> : 20 ans.<\/p><p><em>Superficie<\/em> : 6 Hectares<\/p><p><em>Terroir<\/em> : Grave sur argile.<\/p><p><em>C\u00e9pages<\/em> : 50% Merlot, 25% Cabernet Franc, 25% Cabernet Sauvignon.<\/p><p>Culture naturelle et traitements tr\u00e8s respectueux des \u00e9quilibres.\u00a0<\/p>\t\t\t\t\t\t\t\t<\/div>\n\t\t\t\t<\/div>\n\t\t\t\t\t<\/div>\n\t\t<\/div>\n\t\t\t\t<div class=\"elementor-column elementor-col-33 elementor-top-column elementor-element elementor-element-3fb5d62c\" data-id=\"3fb5d62c\" data-element_type=\"column\">\n\t\t\t<div class=\"elementor-widget-wrap elementor-element-populated\">\n\t\t\t\t\t\t<div class=\"elementor-element elementor-element-5c50596 elementor-drop-cap-yes elementor-drop-cap-view-default elementor-widget elementor-widget-text-editor\" data-id=\"5c50596\" data-element_type=\"widget\" data-settings=\"{&quot;drop_cap&quot;:&quot;yes&quot;}\" data-widget_type=\"text-editor.default\">\n\t\t\t\t<div class=\"elementor-widget-container\">\n\t\t\t\t\t\t\t\t\t<p>V<strong>inification<\/strong> :<\/p><p>Ramassage \u00e0 maturit\u00e9 physiologique, par d\u00e9gustation des baies.<br \/>Un chai innovant \u00e0 gravit\u00e9 et pigeage par h\u00e9licopigeur.<br \/>Tr\u00e8s grand respect de la mati\u00e8re premi\u00e8re pendant la vinification parcellaire en cuve b\u00e9ton et inox. Entour\u00e9 des m\u00eames soins que nos autres crus, La Grave de Moustey est murie en cuves inox et en barriques, par rotation pendant 8 mois. <br \/>Mise en bouteilles au Ch\u00e2teau<\/p>\t\t\t\t\t\t\t\t<\/div>\n\t\t\t\t<\/div>\n\t\t\t\t<div class=\"elementor-element elementor-element-5f7b4fd6 elementor-widget elementor-widget-image\" data-id=\"5f7b4fd6\" data-element_type=\"widget\" data-widget_type=\"image.default\">\n\t\t\t\t<div class=\"elementor-widget-container\">\n\t\t\t\t\t\t\t\t\t\t\t\t\t\t\t<img loading=\"lazy\" decoding=\"async\" width=\"450\" height=\"150\" src=\"http:\/\/delbeckvignobles.com\/wp-content\/uploads\/2020\/04\/AOC-BX4.jpg\" class=\"attachment-large size-large wp-image-319\" alt=\"\" srcset=\"http:\/\/delbeckvignobles.com\/wp-content\/uploads\/2020\/04\/AOC-BX4.jpg 450w, http:\/\/delbeckvignobles.com\/wp-content\/uploads\/2020\/04\/elementor\/thumbs\/AOC-BX4-ooqisntt5leae0lvblojh6fl4lzu52f3vouppgu7s8.jpg 300w\" sizes=\"(max-width: 450px) 100vw, 450px\" \/>\t\t\t\t\t\t\t\t\t\t\t\t\t\t\t<\/div>\n\t\t\t\t<\/div>\n\t\t\t\t<div class=\"elementor-element elementor-element-ca5500f elementor-drop-cap-yes elementor-drop-cap-view-default elementor-widget elementor-widget-text-editor\" data-id=\"ca5500f\" data-element_type=\"widget\" data-settings=\"{&quot;drop_cap&quot;:&quot;yes&quot;}\" data-widget_type=\"text-editor.default\">\n\t\t\t\t<div class=\"elementor-widget-container\">\n\t\t\t\t\t\t\t\t\t<p>D<strong>\u00e9gustation<\/strong> :<\/p><p>Belle robe soutenue. Nez de petits fruits rouges et noires, griotte, vanill\u00e9 l\u00e9ger. Attaque tendre, tanins assagis. Bouche fruit\u00e9e et \u00e9quilibr\u00e9e. Finale plaisante et assez longue.<\/p><p>Sur Pot au feu et Jambon au torchon.<br \/>Vin tr\u00e8s agr\u00e9able pour sortie de campagne mais \u00e9galement sur toutes les entr\u00e9es de grands repas.<\/p>\t\t\t\t\t\t\t\t<\/div>\n\t\t\t\t<\/div>\n\t\t\t\t<div class=\"elementor-element elementor-element-999ae5d elementor-align-left animated-slow elementor-invisible elementor-widget elementor-widget-button\" data-id=\"999ae5d\" data-element_type=\"widget\" data-settings=\"{&quot;_animation&quot;:&quot;fadeIn&quot;}\" data-widget_type=\"button.default\">\n\t\t\t\t<div class=\"elementor-widget-container\">\n\t\t\t\t\t\t\t\t\t<div class=\"elementor-button-wrapper\">\n\t\t\t\t\t<a class=\"elementor-button elementor-button-link elementor-size-lg elementor-animation-grow\" href=\"http:\/\/www.delbeckboutique.com\/4-bordeaux-rouge\" target=\"_blank\">\n\t\t\t\t\t\t<span class=\"elementor-button-content-wrapper\">\n\t\t\t\t\t\t<span class=\"elementor-button-icon\">\n\t\t\t\t<i aria-hidden=\"true\" class=\"fas fa-cart-plus\"><\/i>\t\t\t<\/span>\n\t\t\t\t\t\t\t\t\t<span class=\"elementor-button-text\">Acheter ce vin sur notre boutique en ligne<\/span>\n\t\t\t\t\t<\/span>\n\t\t\t\t\t<\/a>\n\t\t\t\t<\/div>\n\t\t\t\t\t\t\t\t<\/div>\n\t\t\t\t<\/div>\n\t\t\t\t\t<\/div>\n\t\t<\/div>\n\t\t\t\t\t<\/div>\n\t\t<\/section>\n\t\t\t\t<\/div>\n\t\t","protected":false},"excerpt":{"rendered":"<p>Ch\u00e2teau La Grave de Moustey Bordeaux Rouge Situ\u00e9e \u00e0 quelques kilom\u00e8tres du Ch\u00e2teauTour du Pas Saint Georges, sur la commune des Artigues de Lussac, cette petite propri\u00e9t\u00e9 abrite un terroir propice \u00e0 l&rsquo;\u00e9laboration de grands Bordeaux aussi bien Rouge que Blanc ou Ros\u00e9. Renseignements techniques : Age moyen des vignes : 20 ans. Superficie : [&hellip;]<\/p>\n","protected":false},"author":1,"featured_media":0,"parent":0,"menu_order":0,"comment_status":"closed","ping_status":"closed","template":"","meta":{"site-sidebar-layout":"no-sidebar","site-content-layout":"page-builder","ast-site-content-layout":"default","site-content-style":"default","site-sidebar-style":"default","ast-global-header-display":"","ast-banner-title-visibility":"","ast-main-header-display":"","ast-hfb-above-header-display":"","ast-hfb-below-header-display":"","ast-hfb-mobile-header-display":"","site-post-title":"disabled","ast-breadcrumbs-content":"","ast-featured-img":"disabled","footer-sml-layout":"","theme-transparent-header-meta":"default","adv-header-id-meta":"","stick-header-meta":"","header-above-stick-meta":"","header-main-stick-meta":"","header-below-stick-meta":"","astra-migrate-meta-layouts":"default","ast-page-background-enabled":"default","ast-page-background-meta":{"desktop":{"background-color":"var(--ast-global-color-4)","background-image":"","background-repeat":"repeat","background-position":"center center","background-size":"auto","background-attachment":"scroll","background-type":"","background-media":"","overlay-type":"","overlay-color":"","overlay-opacity":"","overlay-gradient":""},"tablet":{"background-color":"","background-image":"","background-repeat":"repeat","background-position":"center center","background-size":"auto","background-attachment":"scroll","background-type":"","background-media":"","overlay-type":"","overlay-color":"","overlay-opacity":"","overlay-gradient":""},"mobile":{"background-color":"","background-image":"","background-repeat":"repeat","background-position":"center center","background-size":"auto","background-attachment":"scroll","background-type":"","background-media":"","overlay-type":"","overlay-color":"","overlay-opacity":"","overlay-gradient":""}},"ast-content-background-meta":{"desktop":{"background-color":"var(--ast-global-color-5)","background-image":"","background-repeat":"repeat","background-position":"center center","background-size":"auto","background-attachment":"scroll","background-type":"","background-media":"","overlay-type":"","overlay-color":"","overlay-opacity":"","overlay-gradient":""},"tablet":{"background-color":"var(--ast-global-color-5)","background-image":"","background-repeat":"repeat","background-position":"center center","background-size":"auto","background-attachment":"scroll","background-type":"","background-media":"","overlay-type":"","overlay-color":"","overlay-opacity":"","overlay-gradient":""},"mobile":{"background-color":"var(--ast-global-color-5)","background-image":"","background-repeat":"repeat","background-position":"center center","background-size":"auto","background-attachment":"scroll","background-type":"","background-media":"","overlay-type":"","overlay-color":"","overlay-opacity":"","overlay-gradient":""}},"footnotes":""},"class_list":["post-399","page","type-page","status-publish","hentry"],"yoast_head":"<!-- This site is optimized with the Yoast SEO plugin v26.1.1 - https:\/\/yoast.com\/wordpress\/plugins\/seo\/ -->\n<title>Ch\u00e2teau La Grave de Moustey - Vignobles Delbeck<\/title>\n<meta name=\"robots\" content=\"index, follow, max-snippet:-1, max-image-preview:large, max-video-preview:-1\" \/>\n<link rel=\"canonical\" href=\"http:\/\/delbeckvignobles.com\/index.php\/chateau-la-grave-de-moustey\/\" \/>\n<meta property=\"og:locale\" content=\"fr_FR\" \/>\n<meta property=\"og:type\" content=\"article\" \/>\n<meta property=\"og:title\" content=\"Ch\u00e2teau La Grave de Moustey - Vignobles Delbeck\" \/>\n<meta property=\"og:description\" content=\"Ch\u00e2teau La Grave de Moustey Bordeaux Rouge Situ\u00e9e \u00e0 quelques kilom\u00e8tres du Ch\u00e2teauTour du Pas Saint Georges, sur la commune des Artigues de Lussac, cette petite propri\u00e9t\u00e9 abrite un terroir propice \u00e0 l&rsquo;\u00e9laboration de grands Bordeaux aussi bien Rouge que Blanc ou Ros\u00e9. Renseignements techniques : Age moyen des vignes : 20 ans. Superficie : [&hellip;]\" \/>\n<meta property=\"og:url\" content=\"http:\/\/delbeckvignobles.com\/index.php\/chateau-la-grave-de-moustey\/\" \/>\n<meta property=\"og:site_name\" content=\"Vignobles Delbeck\" \/>\n<meta property=\"article:modified_time\" content=\"2025-09-23T13:34:37+00:00\" \/>\n<meta property=\"og:image\" content=\"http:\/\/delbeckvignobles.com\/wp-content\/uploads\/2025\/09\/GDM19-4000-768x1890.png\" \/>\n<meta name=\"twitter:card\" content=\"summary_large_image\" \/>\n<meta name=\"twitter:label1\" content=\"Dur\u00e9e de lecture estim\u00e9e\" \/>\n\t<meta name=\"twitter:data1\" content=\"2 minutes\" \/>\n<script type=\"application\/ld+json\" class=\"yoast-schema-graph\">{\"@context\":\"https:\/\/schema.org\",\"@graph\":[{\"@type\":\"WebPage\",\"@id\":\"http:\/\/delbeckvignobles.com\/index.php\/chateau-la-grave-de-moustey\/\",\"url\":\"http:\/\/delbeckvignobles.com\/index.php\/chateau-la-grave-de-moustey\/\",\"name\":\"Ch\u00e2teau La Grave de Moustey - Vignobles Delbeck\",\"isPartOf\":{\"@id\":\"http:\/\/delbeckvignobles.com\/#website\"},\"primaryImageOfPage\":{\"@id\":\"http:\/\/delbeckvignobles.com\/index.php\/chateau-la-grave-de-moustey\/#primaryimage\"},\"image\":{\"@id\":\"http:\/\/delbeckvignobles.com\/index.php\/chateau-la-grave-de-moustey\/#primaryimage\"},\"thumbnailUrl\":\"http:\/\/delbeckvignobles.com\/wp-content\/uploads\/2025\/09\/GDM19-4000-768x1890.png\",\"datePublished\":\"2020-05-06T15:44:48+00:00\",\"dateModified\":\"2025-09-23T13:34:37+00:00\",\"breadcrumb\":{\"@id\":\"http:\/\/delbeckvignobles.com\/index.php\/chateau-la-grave-de-moustey\/#breadcrumb\"},\"inLanguage\":\"fr-FR\",\"potentialAction\":[{\"@type\":\"ReadAction\",\"target\":[\"http:\/\/delbeckvignobles.com\/index.php\/chateau-la-grave-de-moustey\/\"]}]},{\"@type\":\"ImageObject\",\"inLanguage\":\"fr-FR\",\"@id\":\"http:\/\/delbeckvignobles.com\/index.php\/chateau-la-grave-de-moustey\/#primaryimage\",\"url\":\"http:\/\/delbeckvignobles.com\/wp-content\/uploads\/2025\/09\/GDM19-4000-scaled.png\",\"contentUrl\":\"http:\/\/delbeckvignobles.com\/wp-content\/uploads\/2025\/09\/GDM19-4000-scaled.png\",\"width\":1040,\"height\":2560},{\"@type\":\"BreadcrumbList\",\"@id\":\"http:\/\/delbeckvignobles.com\/index.php\/chateau-la-grave-de-moustey\/#breadcrumb\",\"itemListElement\":[{\"@type\":\"ListItem\",\"position\":1,\"name\":\"Accueil\",\"item\":\"http:\/\/delbeckvignobles.com\/\"},{\"@type\":\"ListItem\",\"position\":2,\"name\":\"Ch\u00e2teau La Grave de Moustey\"}]},{\"@type\":\"WebSite\",\"@id\":\"http:\/\/delbeckvignobles.com\/#website\",\"url\":\"http:\/\/delbeckvignobles.com\/\",\"name\":\"Vignobles Delbeck\",\"description\":\"St Georges - St Emilion, Lalande de Pomerol et Bordeaux\",\"publisher\":{\"@id\":\"http:\/\/delbeckvignobles.com\/#organization\"},\"potentialAction\":[{\"@type\":\"SearchAction\",\"target\":{\"@type\":\"EntryPoint\",\"urlTemplate\":\"http:\/\/delbeckvignobles.com\/?s={search_term_string}\"},\"query-input\":{\"@type\":\"PropertyValueSpecification\",\"valueRequired\":true,\"valueName\":\"search_term_string\"}}],\"inLanguage\":\"fr-FR\"},{\"@type\":\"Organization\",\"@id\":\"http:\/\/delbeckvignobles.com\/#organization\",\"name\":\"Vignobles Delbeck\",\"url\":\"http:\/\/delbeckvignobles.com\/\",\"logo\":{\"@type\":\"ImageObject\",\"inLanguage\":\"fr-FR\",\"@id\":\"http:\/\/delbeckvignobles.com\/#\/schema\/logo\/image\/\",\"url\":\"https:\/\/delbeckvignobles.com\/wp-content\/uploads\/2020\/03\/logodvdRouge600x600.png\",\"contentUrl\":\"https:\/\/delbeckvignobles.com\/wp-content\/uploads\/2020\/03\/logodvdRouge600x600.png\",\"width\":600,\"height\":600,\"caption\":\"Vignobles Delbeck\"},\"image\":{\"@id\":\"http:\/\/delbeckvignobles.com\/#\/schema\/logo\/image\/\"}}]}<\/script>\n<!-- \/ Yoast SEO plugin. -->","yoast_head_json":{"title":"Ch\u00e2teau La Grave de Moustey - Vignobles Delbeck","robots":{"index":"index","follow":"follow","max-snippet":"max-snippet:-1","max-image-preview":"max-image-preview:large","max-video-preview":"max-video-preview:-1"},"canonical":"http:\/\/delbeckvignobles.com\/index.php\/chateau-la-grave-de-moustey\/","og_locale":"fr_FR","og_type":"article","og_title":"Ch\u00e2teau La Grave de Moustey - Vignobles Delbeck","og_description":"Ch\u00e2teau La Grave de Moustey Bordeaux Rouge Situ\u00e9e \u00e0 quelques kilom\u00e8tres du Ch\u00e2teauTour du Pas Saint Georges, sur la commune des Artigues de Lussac, cette petite propri\u00e9t\u00e9 abrite un terroir propice \u00e0 l&rsquo;\u00e9laboration de grands Bordeaux aussi bien Rouge que Blanc ou Ros\u00e9. Renseignements techniques : Age moyen des vignes : 20 ans. Superficie : [&hellip;]","og_url":"http:\/\/delbeckvignobles.com\/index.php\/chateau-la-grave-de-moustey\/","og_site_name":"Vignobles Delbeck","article_modified_time":"2025-09-23T13:34:37+00:00","og_image":[{"url":"http:\/\/delbeckvignobles.com\/wp-content\/uploads\/2025\/09\/GDM19-4000-768x1890.png","type":"","width":"","height":""}],"twitter_card":"summary_large_image","twitter_misc":{"Dur\u00e9e de lecture estim\u00e9e":"2 minutes"},"schema":{"@context":"https:\/\/schema.org","@graph":[{"@type":"WebPage","@id":"http:\/\/delbeckvignobles.com\/index.php\/chateau-la-grave-de-moustey\/","url":"http:\/\/delbeckvignobles.com\/index.php\/chateau-la-grave-de-moustey\/","name":"Ch\u00e2teau La Grave de Moustey - Vignobles Delbeck","isPartOf":{"@id":"http:\/\/delbeckvignobles.com\/#website"},"primaryImageOfPage":{"@id":"http:\/\/delbeckvignobles.com\/index.php\/chateau-la-grave-de-moustey\/#primaryimage"},"image":{"@id":"http:\/\/delbeckvignobles.com\/index.php\/chateau-la-grave-de-moustey\/#primaryimage"},"thumbnailUrl":"http:\/\/delbeckvignobles.com\/wp-content\/uploads\/2025\/09\/GDM19-4000-768x1890.png","datePublished":"2020-05-06T15:44:48+00:00","dateModified":"2025-09-23T13:34:37+00:00","breadcrumb":{"@id":"http:\/\/delbeckvignobles.com\/index.php\/chateau-la-grave-de-moustey\/#breadcrumb"},"inLanguage":"fr-FR","potentialAction":[{"@type":"ReadAction","target":["http:\/\/delbeckvignobles.com\/index.php\/chateau-la-grave-de-moustey\/"]}]},{"@type":"ImageObject","inLanguage":"fr-FR","@id":"http:\/\/delbeckvignobles.com\/index.php\/chateau-la-grave-de-moustey\/#primaryimage","url":"http:\/\/delbeckvignobles.com\/wp-content\/uploads\/2025\/09\/GDM19-4000-scaled.png","contentUrl":"http:\/\/delbeckvignobles.com\/wp-content\/uploads\/2025\/09\/GDM19-4000-scaled.png","width":1040,"height":2560},{"@type":"BreadcrumbList","@id":"http:\/\/delbeckvignobles.com\/index.php\/chateau-la-grave-de-moustey\/#breadcrumb","itemListElement":[{"@type":"ListItem","position":1,"name":"Accueil","item":"http:\/\/delbeckvignobles.com\/"},{"@type":"ListItem","position":2,"name":"Ch\u00e2teau La Grave de Moustey"}]},{"@type":"WebSite","@id":"http:\/\/delbeckvignobles.com\/#website","url":"http:\/\/delbeckvignobles.com\/","name":"Vignobles Delbeck","description":"St Georges - St Emilion, Lalande de Pomerol et Bordeaux","publisher":{"@id":"http:\/\/delbeckvignobles.com\/#organization"},"potentialAction":[{"@type":"SearchAction","target":{"@type":"EntryPoint","urlTemplate":"http:\/\/delbeckvignobles.com\/?s={search_term_string}"},"query-input":{"@type":"PropertyValueSpecification","valueRequired":true,"valueName":"search_term_string"}}],"inLanguage":"fr-FR"},{"@type":"Organization","@id":"http:\/\/delbeckvignobles.com\/#organization","name":"Vignobles Delbeck","url":"http:\/\/delbeckvignobles.com\/","logo":{"@type":"ImageObject","inLanguage":"fr-FR","@id":"http:\/\/delbeckvignobles.com\/#\/schema\/logo\/image\/","url":"https:\/\/delbeckvignobles.com\/wp-content\/uploads\/2020\/03\/logodvdRouge600x600.png","contentUrl":"https:\/\/delbeckvignobles.com\/wp-content\/uploads\/2020\/03\/logodvdRouge600x600.png","width":600,"height":600,"caption":"Vignobles Delbeck"},"image":{"@id":"http:\/\/delbeckvignobles.com\/#\/schema\/logo\/image\/"}}]}},"jetpack_sharing_enabled":true,"_links":{"self":[{"href":"http:\/\/delbeckvignobles.com\/index.php\/wp-json\/wp\/v2\/pages\/399","targetHints":{"allow":["GET"]}}],"collection":[{"href":"http:\/\/delbeckvignobles.com\/index.php\/wp-json\/wp\/v2\/pages"}],"about":[{"href":"http:\/\/delbeckvignobles.com\/index.php\/wp-json\/wp\/v2\/types\/page"}],"author":[{"embeddable":true,"href":"http:\/\/delbeckvignobles.com\/index.php\/wp-json\/wp\/v2\/users\/1"}],"replies":[{"embeddable":true,"href":"http:\/\/delbeckvignobles.com\/index.php\/wp-json\/wp\/v2\/comments?post=399"}],"version-history":[{"count":12,"href":"http:\/\/delbeckvignobles.com\/index.php\/wp-json\/wp\/v2\/pages\/399\/revisions"}],"predecessor-version":[{"id":782,"href":"http:\/\/delbeckvignobles.com\/index.php\/wp-json\/wp\/v2\/pages\/399\/revisions\/782"}],"wp:attachment":[{"href":"http:\/\/delbeckvignobles.com\/index.php\/wp-json\/wp\/v2\/media?parent=399"}],"curies":[{"name":"wp","href":"https:\/\/api.w.org\/{rel}","templated":true}]}}