{"id":393,"date":"2020-05-06T17:21:31","date_gmt":"2020-05-06T15:21:31","guid":{"rendered":"http:\/\/delbeckvignobles.com\/?page_id=393"},"modified":"2025-09-23T15:36:42","modified_gmt":"2025-09-23T13:36:42","slug":"les-caprices","status":"publish","type":"page","link":"http:\/\/delbeckvignobles.com\/index.php\/les-caprices\/","title":{"rendered":"Les Caprices"},"content":{"rendered":"\t\t<div data-elementor-type=\"wp-page\" data-elementor-id=\"393\" class=\"elementor elementor-393\">\n\t\t\t\t\t\t<section class=\"elementor-section elementor-top-section elementor-element elementor-element-55127814 elementor-section-content-middle elementor-section-boxed elementor-section-height-default elementor-section-height-default\" data-id=\"55127814\" data-element_type=\"section\">\n\t\t\t\t\t\t<div class=\"elementor-container elementor-column-gap-default\">\n\t\t\t\t\t<div class=\"elementor-column elementor-col-50 elementor-top-column elementor-element elementor-element-2ad3d8eb\" data-id=\"2ad3d8eb\" data-element_type=\"column\">\n\t\t\t<div class=\"elementor-widget-wrap elementor-element-populated\">\n\t\t\t\t\t\t<div class=\"elementor-element elementor-element-f82e303 elementor-widget elementor-widget-heading\" data-id=\"f82e303\" data-element_type=\"widget\" data-widget_type=\"heading.default\">\n\t\t\t\t<div class=\"elementor-widget-container\">\n\t\t\t\t\t<h2 class=\"elementor-heading-title elementor-size-default\">Les Caprices<\/h2>\t\t\t\t<\/div>\n\t\t\t\t<\/div>\n\t\t\t\t<div class=\"elementor-element elementor-element-50b1f0c elementor-widget elementor-widget-heading\" data-id=\"50b1f0c\" data-element_type=\"widget\" data-widget_type=\"heading.default\">\n\t\t\t\t<div class=\"elementor-widget-container\">\n\t\t\t\t\t<h2 class=\"elementor-heading-title elementor-size-default\">DU CH\u00c2TEAU \u00c2me de Musset<\/h2>\t\t\t\t<\/div>\n\t\t\t\t<\/div>\n\t\t\t\t<div class=\"elementor-element elementor-element-c272d3d elementor-widget elementor-widget-heading\" data-id=\"c272d3d\" data-element_type=\"widget\" data-widget_type=\"heading.default\">\n\t\t\t\t<div class=\"elementor-widget-container\">\n\t\t\t\t\t<h2 class=\"elementor-heading-title elementor-size-default\">Lalande-de-Pomerol<\/h2>\t\t\t\t<\/div>\n\t\t\t\t<\/div>\n\t\t\t\t<div class=\"elementor-element elementor-element-8e7fd82 elementor-widget elementor-widget-image\" data-id=\"8e7fd82\" data-element_type=\"widget\" data-widget_type=\"image.default\">\n\t\t\t\t<div class=\"elementor-widget-container\">\n\t\t\t\t\t\t\t\t\t\t\t\t\t\t\t<img fetchpriority=\"high\" decoding=\"async\" width=\"624\" height=\"2000\" src=\"http:\/\/delbeckvignobles.com\/wp-content\/uploads\/2025\/09\/caprices-18-blle.png\" class=\"attachment-medium_large size-medium_large wp-image-783\" alt=\"\" srcset=\"http:\/\/delbeckvignobles.com\/wp-content\/uploads\/2025\/09\/caprices-18-blle.png 624w, http:\/\/delbeckvignobles.com\/wp-content\/uploads\/2025\/09\/caprices-18-blle-600x1923.png 600w, http:\/\/delbeckvignobles.com\/wp-content\/uploads\/2025\/09\/caprices-18-blle-94x300.png 94w, http:\/\/delbeckvignobles.com\/wp-content\/uploads\/2025\/09\/caprices-18-blle-479x1536.png 479w\" sizes=\"(max-width: 624px) 100vw, 624px\" \/>\t\t\t\t\t\t\t\t\t\t\t\t\t\t\t<\/div>\n\t\t\t\t<\/div>\n\t\t\t\t<div class=\"elementor-element elementor-element-5d55caf elementor-drop-cap-yes elementor-drop-cap-view-default elementor-widget elementor-widget-text-editor\" data-id=\"5d55caf\" data-element_type=\"widget\" data-settings=\"{&quot;drop_cap&quot;:&quot;yes&quot;}\" data-widget_type=\"text-editor.default\">\n\t\t\t\t<div class=\"elementor-widget-container\">\n\t\t\t\t\t\t\t\t\t<p>Ce second vin, produit \u00e0 partir des vignes plus jeunes, a une plus forte proportion de Cabernet Sauvignon que le premier vin ce qui lui conf\u00e8re une fra\u00eecheur et une trame tannique \u00e9tonnantes ! Il se mariera \u00e0 merveille avec les volailles farcies des repas de f\u00eates mais aussi avec\u00a0 la c\u00f4te de veau et les desserts aux fruits.<\/p>\t\t\t\t\t\t\t\t<\/div>\n\t\t\t\t<\/div>\n\t\t\t\t\t<\/div>\n\t\t<\/div>\n\t\t\t\t<div class=\"elementor-column elementor-col-50 elementor-top-column elementor-element elementor-element-7310b7f2\" data-id=\"7310b7f2\" data-element_type=\"column\">\n\t\t\t<div class=\"elementor-widget-wrap elementor-element-populated\">\n\t\t\t\t\t\t<div class=\"elementor-element elementor-element-df30d74 elementor-drop-cap-yes elementor-drop-cap-view-default elementor-widget elementor-widget-text-editor\" data-id=\"df30d74\" data-element_type=\"widget\" data-settings=\"{&quot;drop_cap&quot;:&quot;yes&quot;}\" data-widget_type=\"text-editor.default\">\n\t\t\t\t<div class=\"elementor-widget-container\">\n\t\t\t\t\t\t\t\t\t<p>R<strong>enseignements techniques<\/strong> :<\/p><p><em>Age moyen des vignes<\/em> : 10 ans.<\/p><p><em>Terroir<\/em>\u00a0: Croupe de graves bien drain\u00e9es sur fonds d\u2019argile avec pr\u00e9sence de crasses de fer, r\u00e9sistant \u00e0 la s\u00e9cheresse.<\/p><p><em>C\u00e9pages<\/em> : 70% Merlot, 30% Cabernet Sauvignon.<\/p><p>Culture naturelle et traitements tr\u00e8s respectueux des \u00e9quilibres; biodiversit\u00e9 et soins attentifs port\u00e9s au drainage. Production confidentielle.<\/p>\t\t\t\t\t\t\t\t<\/div>\n\t\t\t\t<\/div>\n\t\t\t\t<div class=\"elementor-element elementor-element-f503c37 elementor-widget elementor-widget-image\" data-id=\"f503c37\" data-element_type=\"widget\" data-widget_type=\"image.default\">\n\t\t\t\t<div class=\"elementor-widget-container\">\n\t\t\t\t\t\t\t\t\t\t\t\t\t\t\t<img decoding=\"async\" width=\"450\" height=\"149\" src=\"http:\/\/delbeckvignobles.com\/wp-content\/uploads\/2020\/04\/AOC-LDP4-1.jpg\" class=\"attachment-full size-full wp-image-316\" alt=\"\" srcset=\"http:\/\/delbeckvignobles.com\/wp-content\/uploads\/2020\/04\/AOC-LDP4-1.jpg 450w, http:\/\/delbeckvignobles.com\/wp-content\/uploads\/2020\/04\/elementor\/thumbs\/AOC-LDP4-1-oop2y7mugmd8onqa2thie65d0thltkqr9mdfxo8r1k.jpg 300w\" sizes=\"(max-width: 450px) 100vw, 450px\" \/>\t\t\t\t\t\t\t\t\t\t\t\t\t\t\t<\/div>\n\t\t\t\t<\/div>\n\t\t\t\t<div class=\"elementor-element elementor-element-5c50596 elementor-drop-cap-yes elementor-drop-cap-view-default elementor-widget elementor-widget-text-editor\" data-id=\"5c50596\" data-element_type=\"widget\" data-settings=\"{&quot;drop_cap&quot;:&quot;yes&quot;}\" data-widget_type=\"text-editor.default\">\n\t\t\t\t<div class=\"elementor-widget-container\">\n\t\t\t\t\t\t\t\t\t<p>V<strong>inification<\/strong> :<\/p><p>Ramassage \u00e0 maturit\u00e9 physiologique, m\u00e9thode \u00ab GLORIE \u00bb. Tri et s\u00e9lection sur tapis.<br \/>Un chai innovant \u00e0 gravit\u00e9 et pigeage par h\u00e9licopigeur.<br \/>Tr\u00e8s grand respect de la mati\u00e8re premi\u00e8re pendant la vinification parcellaire en cuve b\u00e9ton et inox.<br \/>Elevage en barrique de 12 mois (dont 60% en barrique d\u2019un vin et 40% en cuve afin de conserver la fra\u00eecheur et le fruit).<br \/>Mise en bouteille au Ch\u00e2teau.<\/p>\t\t\t\t\t\t\t\t<\/div>\n\t\t\t\t<\/div>\n\t\t\t\t<div class=\"elementor-element elementor-element-3353530 elementor-align-left animated-slow elementor-invisible elementor-widget elementor-widget-button\" data-id=\"3353530\" data-element_type=\"widget\" data-settings=\"{&quot;_animation&quot;:&quot;fadeIn&quot;}\" data-widget_type=\"button.default\">\n\t\t\t\t<div class=\"elementor-widget-container\">\n\t\t\t\t\t\t\t\t\t<div class=\"elementor-button-wrapper\">\n\t\t\t\t\t<a class=\"elementor-button elementor-button-link elementor-size-lg elementor-animation-grow\" href=\"http:\/\/www.delbeckboutique.com\/2-lalande-de-pomerol\" target=\"_blank\">\n\t\t\t\t\t\t<span class=\"elementor-button-content-wrapper\">\n\t\t\t\t\t\t<span class=\"elementor-button-icon\">\n\t\t\t\t<i aria-hidden=\"true\" class=\"fas fa-cart-plus\"><\/i>\t\t\t<\/span>\n\t\t\t\t\t\t\t\t\t<span class=\"elementor-button-text\">Acheter ce vin sur notre boutique en ligne<\/span>\n\t\t\t\t\t<\/span>\n\t\t\t\t\t<\/a>\n\t\t\t\t<\/div>\n\t\t\t\t\t\t\t\t<\/div>\n\t\t\t\t<\/div>\n\t\t\t\t\t<\/div>\n\t\t<\/div>\n\t\t\t\t\t<\/div>\n\t\t<\/section>\n\t\t\t\t<\/div>\n\t\t","protected":false},"excerpt":{"rendered":"<p>Les Caprices DU CH\u00c2TEAU \u00c2me de Musset Lalande-de-Pomerol Ce second vin, produit \u00e0 partir des vignes plus jeunes, a une plus forte proportion de Cabernet Sauvignon que le premier vin ce qui lui conf\u00e8re une fra\u00eecheur et une trame tannique \u00e9tonnantes ! Il se mariera \u00e0 merveille avec les volailles farcies des repas de f\u00eates [&hellip;]<\/p>\n","protected":false},"author":1,"featured_media":0,"parent":0,"menu_order":0,"comment_status":"closed","ping_status":"closed","template":"","meta":{"site-sidebar-layout":"no-sidebar","site-content-layout":"page-builder","ast-site-content-layout":"default","site-content-style":"default","site-sidebar-style":"default","ast-global-header-display":"","ast-banner-title-visibility":"","ast-main-header-display":"","ast-hfb-above-header-display":"","ast-hfb-below-header-display":"","ast-hfb-mobile-header-display":"","site-post-title":"disabled","ast-breadcrumbs-content":"","ast-featured-img":"disabled","footer-sml-layout":"","theme-transparent-header-meta":"default","adv-header-id-meta":"","stick-header-meta":"","header-above-stick-meta":"","header-main-stick-meta":"","header-below-stick-meta":"","astra-migrate-meta-layouts":"default","ast-page-background-enabled":"default","ast-page-background-meta":{"desktop":{"background-color":"var(--ast-global-color-4)","background-image":"","background-repeat":"repeat","background-position":"center center","background-size":"auto","background-attachment":"scroll","background-type":"","background-media":"","overlay-type":"","overlay-color":"","overlay-opacity":"","overlay-gradient":""},"tablet":{"background-color":"","background-image":"","background-repeat":"repeat","background-position":"center center","background-size":"auto","background-attachment":"scroll","background-type":"","background-media":"","overlay-type":"","overlay-color":"","overlay-opacity":"","overlay-gradient":""},"mobile":{"background-color":"","background-image":"","background-repeat":"repeat","background-position":"center center","background-size":"auto","background-attachment":"scroll","background-type":"","background-media":"","overlay-type":"","overlay-color":"","overlay-opacity":"","overlay-gradient":""}},"ast-content-background-meta":{"desktop":{"background-color":"var(--ast-global-color-5)","background-image":"","background-repeat":"repeat","background-position":"center center","background-size":"auto","background-attachment":"scroll","background-type":"","background-media":"","overlay-type":"","overlay-color":"","overlay-opacity":"","overlay-gradient":""},"tablet":{"background-color":"var(--ast-global-color-5)","background-image":"","background-repeat":"repeat","background-position":"center center","background-size":"auto","background-attachment":"scroll","background-type":"","background-media":"","overlay-type":"","overlay-color":"","overlay-opacity":"","overlay-gradient":""},"mobile":{"background-color":"var(--ast-global-color-5)","background-image":"","background-repeat":"repeat","background-position":"center center","background-size":"auto","background-attachment":"scroll","background-type":"","background-media":"","overlay-type":"","overlay-color":"","overlay-opacity":"","overlay-gradient":""}},"footnotes":""},"class_list":["post-393","page","type-page","status-publish","hentry"],"yoast_head":"<!-- This site is optimized with the Yoast SEO plugin v26.1.1 - https:\/\/yoast.com\/wordpress\/plugins\/seo\/ -->\n<title>Les Caprices - Vignobles Delbeck<\/title>\n<meta name=\"robots\" content=\"index, follow, max-snippet:-1, max-image-preview:large, max-video-preview:-1\" \/>\n<link rel=\"canonical\" href=\"http:\/\/delbeckvignobles.com\/index.php\/les-caprices\/\" \/>\n<meta property=\"og:locale\" content=\"fr_FR\" \/>\n<meta property=\"og:type\" content=\"article\" \/>\n<meta property=\"og:title\" content=\"Les Caprices - Vignobles Delbeck\" \/>\n<meta property=\"og:description\" content=\"Les Caprices DU CH\u00c2TEAU \u00c2me de Musset Lalande-de-Pomerol Ce second vin, produit \u00e0 partir des vignes plus jeunes, a une plus forte proportion de Cabernet Sauvignon que le premier vin ce qui lui conf\u00e8re une fra\u00eecheur et une trame tannique \u00e9tonnantes ! Il se mariera \u00e0 merveille avec les volailles farcies des repas de f\u00eates [&hellip;]\" \/>\n<meta property=\"og:url\" content=\"http:\/\/delbeckvignobles.com\/index.php\/les-caprices\/\" \/>\n<meta property=\"og:site_name\" content=\"Vignobles Delbeck\" \/>\n<meta property=\"article:modified_time\" content=\"2025-09-23T13:36:42+00:00\" \/>\n<meta property=\"og:image\" content=\"http:\/\/delbeckvignobles.com\/wp-content\/uploads\/2025\/09\/caprices-18-blle.png\" \/>\n<meta name=\"twitter:card\" content=\"summary_large_image\" \/>\n<meta name=\"twitter:label1\" content=\"Dur\u00e9e de lecture estim\u00e9e\" \/>\n\t<meta name=\"twitter:data1\" content=\"2 minutes\" \/>\n<script type=\"application\/ld+json\" class=\"yoast-schema-graph\">{\"@context\":\"https:\/\/schema.org\",\"@graph\":[{\"@type\":\"WebPage\",\"@id\":\"http:\/\/delbeckvignobles.com\/index.php\/les-caprices\/\",\"url\":\"http:\/\/delbeckvignobles.com\/index.php\/les-caprices\/\",\"name\":\"Les Caprices - Vignobles Delbeck\",\"isPartOf\":{\"@id\":\"http:\/\/delbeckvignobles.com\/#website\"},\"primaryImageOfPage\":{\"@id\":\"http:\/\/delbeckvignobles.com\/index.php\/les-caprices\/#primaryimage\"},\"image\":{\"@id\":\"http:\/\/delbeckvignobles.com\/index.php\/les-caprices\/#primaryimage\"},\"thumbnailUrl\":\"http:\/\/delbeckvignobles.com\/wp-content\/uploads\/2025\/09\/caprices-18-blle.png\",\"datePublished\":\"2020-05-06T15:21:31+00:00\",\"dateModified\":\"2025-09-23T13:36:42+00:00\",\"breadcrumb\":{\"@id\":\"http:\/\/delbeckvignobles.com\/index.php\/les-caprices\/#breadcrumb\"},\"inLanguage\":\"fr-FR\",\"potentialAction\":[{\"@type\":\"ReadAction\",\"target\":[\"http:\/\/delbeckvignobles.com\/index.php\/les-caprices\/\"]}]},{\"@type\":\"ImageObject\",\"inLanguage\":\"fr-FR\",\"@id\":\"http:\/\/delbeckvignobles.com\/index.php\/les-caprices\/#primaryimage\",\"url\":\"http:\/\/delbeckvignobles.com\/wp-content\/uploads\/2025\/09\/caprices-18-blle.png\",\"contentUrl\":\"http:\/\/delbeckvignobles.com\/wp-content\/uploads\/2025\/09\/caprices-18-blle.png\",\"width\":624,\"height\":2000},{\"@type\":\"BreadcrumbList\",\"@id\":\"http:\/\/delbeckvignobles.com\/index.php\/les-caprices\/#breadcrumb\",\"itemListElement\":[{\"@type\":\"ListItem\",\"position\":1,\"name\":\"Accueil\",\"item\":\"http:\/\/delbeckvignobles.com\/\"},{\"@type\":\"ListItem\",\"position\":2,\"name\":\"Les Caprices\"}]},{\"@type\":\"WebSite\",\"@id\":\"http:\/\/delbeckvignobles.com\/#website\",\"url\":\"http:\/\/delbeckvignobles.com\/\",\"name\":\"Vignobles Delbeck\",\"description\":\"St Georges - St Emilion, Lalande de Pomerol et Bordeaux\",\"publisher\":{\"@id\":\"http:\/\/delbeckvignobles.com\/#organization\"},\"potentialAction\":[{\"@type\":\"SearchAction\",\"target\":{\"@type\":\"EntryPoint\",\"urlTemplate\":\"http:\/\/delbeckvignobles.com\/?s={search_term_string}\"},\"query-input\":{\"@type\":\"PropertyValueSpecification\",\"valueRequired\":true,\"valueName\":\"search_term_string\"}}],\"inLanguage\":\"fr-FR\"},{\"@type\":\"Organization\",\"@id\":\"http:\/\/delbeckvignobles.com\/#organization\",\"name\":\"Vignobles Delbeck\",\"url\":\"http:\/\/delbeckvignobles.com\/\",\"logo\":{\"@type\":\"ImageObject\",\"inLanguage\":\"fr-FR\",\"@id\":\"http:\/\/delbeckvignobles.com\/#\/schema\/logo\/image\/\",\"url\":\"https:\/\/delbeckvignobles.com\/wp-content\/uploads\/2020\/03\/logodvdRouge600x600.png\",\"contentUrl\":\"https:\/\/delbeckvignobles.com\/wp-content\/uploads\/2020\/03\/logodvdRouge600x600.png\",\"width\":600,\"height\":600,\"caption\":\"Vignobles Delbeck\"},\"image\":{\"@id\":\"http:\/\/delbeckvignobles.com\/#\/schema\/logo\/image\/\"}}]}<\/script>\n<!-- \/ Yoast SEO plugin. -->","yoast_head_json":{"title":"Les Caprices - Vignobles Delbeck","robots":{"index":"index","follow":"follow","max-snippet":"max-snippet:-1","max-image-preview":"max-image-preview:large","max-video-preview":"max-video-preview:-1"},"canonical":"http:\/\/delbeckvignobles.com\/index.php\/les-caprices\/","og_locale":"fr_FR","og_type":"article","og_title":"Les Caprices - Vignobles Delbeck","og_description":"Les Caprices DU CH\u00c2TEAU \u00c2me de Musset Lalande-de-Pomerol Ce second vin, produit \u00e0 partir des vignes plus jeunes, a une plus forte proportion de Cabernet Sauvignon que le premier vin ce qui lui conf\u00e8re une fra\u00eecheur et une trame tannique \u00e9tonnantes ! Il se mariera \u00e0 merveille avec les volailles farcies des repas de f\u00eates [&hellip;]","og_url":"http:\/\/delbeckvignobles.com\/index.php\/les-caprices\/","og_site_name":"Vignobles Delbeck","article_modified_time":"2025-09-23T13:36:42+00:00","og_image":[{"url":"http:\/\/delbeckvignobles.com\/wp-content\/uploads\/2025\/09\/caprices-18-blle.png","type":"","width":"","height":""}],"twitter_card":"summary_large_image","twitter_misc":{"Dur\u00e9e de lecture estim\u00e9e":"2 minutes"},"schema":{"@context":"https:\/\/schema.org","@graph":[{"@type":"WebPage","@id":"http:\/\/delbeckvignobles.com\/index.php\/les-caprices\/","url":"http:\/\/delbeckvignobles.com\/index.php\/les-caprices\/","name":"Les Caprices - Vignobles Delbeck","isPartOf":{"@id":"http:\/\/delbeckvignobles.com\/#website"},"primaryImageOfPage":{"@id":"http:\/\/delbeckvignobles.com\/index.php\/les-caprices\/#primaryimage"},"image":{"@id":"http:\/\/delbeckvignobles.com\/index.php\/les-caprices\/#primaryimage"},"thumbnailUrl":"http:\/\/delbeckvignobles.com\/wp-content\/uploads\/2025\/09\/caprices-18-blle.png","datePublished":"2020-05-06T15:21:31+00:00","dateModified":"2025-09-23T13:36:42+00:00","breadcrumb":{"@id":"http:\/\/delbeckvignobles.com\/index.php\/les-caprices\/#breadcrumb"},"inLanguage":"fr-FR","potentialAction":[{"@type":"ReadAction","target":["http:\/\/delbeckvignobles.com\/index.php\/les-caprices\/"]}]},{"@type":"ImageObject","inLanguage":"fr-FR","@id":"http:\/\/delbeckvignobles.com\/index.php\/les-caprices\/#primaryimage","url":"http:\/\/delbeckvignobles.com\/wp-content\/uploads\/2025\/09\/caprices-18-blle.png","contentUrl":"http:\/\/delbeckvignobles.com\/wp-content\/uploads\/2025\/09\/caprices-18-blle.png","width":624,"height":2000},{"@type":"BreadcrumbList","@id":"http:\/\/delbeckvignobles.com\/index.php\/les-caprices\/#breadcrumb","itemListElement":[{"@type":"ListItem","position":1,"name":"Accueil","item":"http:\/\/delbeckvignobles.com\/"},{"@type":"ListItem","position":2,"name":"Les Caprices"}]},{"@type":"WebSite","@id":"http:\/\/delbeckvignobles.com\/#website","url":"http:\/\/delbeckvignobles.com\/","name":"Vignobles Delbeck","description":"St Georges - St Emilion, Lalande de Pomerol et Bordeaux","publisher":{"@id":"http:\/\/delbeckvignobles.com\/#organization"},"potentialAction":[{"@type":"SearchAction","target":{"@type":"EntryPoint","urlTemplate":"http:\/\/delbeckvignobles.com\/?s={search_term_string}"},"query-input":{"@type":"PropertyValueSpecification","valueRequired":true,"valueName":"search_term_string"}}],"inLanguage":"fr-FR"},{"@type":"Organization","@id":"http:\/\/delbeckvignobles.com\/#organization","name":"Vignobles Delbeck","url":"http:\/\/delbeckvignobles.com\/","logo":{"@type":"ImageObject","inLanguage":"fr-FR","@id":"http:\/\/delbeckvignobles.com\/#\/schema\/logo\/image\/","url":"https:\/\/delbeckvignobles.com\/wp-content\/uploads\/2020\/03\/logodvdRouge600x600.png","contentUrl":"https:\/\/delbeckvignobles.com\/wp-content\/uploads\/2020\/03\/logodvdRouge600x600.png","width":600,"height":600,"caption":"Vignobles Delbeck"},"image":{"@id":"http:\/\/delbeckvignobles.com\/#\/schema\/logo\/image\/"}}]}},"jetpack_sharing_enabled":true,"_links":{"self":[{"href":"http:\/\/delbeckvignobles.com\/index.php\/wp-json\/wp\/v2\/pages\/393","targetHints":{"allow":["GET"]}}],"collection":[{"href":"http:\/\/delbeckvignobles.com\/index.php\/wp-json\/wp\/v2\/pages"}],"about":[{"href":"http:\/\/delbeckvignobles.com\/index.php\/wp-json\/wp\/v2\/types\/page"}],"author":[{"embeddable":true,"href":"http:\/\/delbeckvignobles.com\/index.php\/wp-json\/wp\/v2\/users\/1"}],"replies":[{"embeddable":true,"href":"http:\/\/delbeckvignobles.com\/index.php\/wp-json\/wp\/v2\/comments?post=393"}],"version-history":[{"count":15,"href":"http:\/\/delbeckvignobles.com\/index.php\/wp-json\/wp\/v2\/pages\/393\/revisions"}],"predecessor-version":[{"id":786,"href":"http:\/\/delbeckvignobles.com\/index.php\/wp-json\/wp\/v2\/pages\/393\/revisions\/786"}],"wp:attachment":[{"href":"http:\/\/delbeckvignobles.com\/index.php\/wp-json\/wp\/v2\/media?parent=393"}],"curies":[{"name":"wp","href":"https:\/\/api.w.org\/{rel}","templated":true}]}}